{"version":"1.0","provider_name":"Corporaci\u00f3n Zona Franca Santiago","provider_url":"https:\/\/zonafrancasantiago.com\/en\/","author_name":"victor","author_url":"https:\/\/zonafrancasantiago.com\/en\/author\/victor\/","title":"Seguimos reforestando - Corporaci\u00f3n Zona Franca Santiago","type":"rich","width":600,"height":338,"html":"<blockquote class=\"wp-embedded-content\" data-secret=\"GoYkLGK4dE\"><a href=\"https:\/\/zonafrancasantiago.com\/en\/seguimos-reforestando\/\">Seguimos reforestando<\/a><\/blockquote><iframe sandbox=\"allow-scripts\" security=\"restricted\" src=\"https:\/\/zonafrancasantiago.com\/en\/seguimos-reforestando\/embed\/#?secret=GoYkLGK4dE\" width=\"600\" height=\"338\" title=\"&#8220;Seguimos reforestando&#8221; &#8212; Corporaci\u00f3n Zona Franca Santiago\" data-secret=\"GoYkLGK4dE\" frameborder=\"0\" marginwidth=\"0\" marginheight=\"0\" scrolling=\"no\" class=\"wp-embedded-content\"><\/iframe><script type=\"text\/javascript\">\n\/* <![CDATA[ *\/\n\/*! This file is auto-generated *\/\n!function(d,l){\"use strict\";l.querySelector&&d.addEventListener&&\"undefined\"!=typeof URL&&(d.wp=d.wp||{},d.wp.receiveEmbedMessage||(d.wp.receiveEmbedMessage=function(e){var t=e.data;if((t||t.secret||t.message||t.value)&&!\/[^a-zA-Z0-9]\/.test(t.secret)){for(var s,r,n,a=l.querySelectorAll('iframe[data-secret=\"'+t.secret+'\"]'),o=l.querySelectorAll('blockquote[data-secret=\"'+t.secret+'\"]'),c=new RegExp(\"^https?:$\",\"i\"),i=0;i<o.length;i++)o[i].style.display=\"none\";for(i=0;i<a.length;i++)s=a[i],e.source===s.contentWindow&&(s.removeAttribute(\"style\"),\"height\"===t.message?(1e3<(r=parseInt(t.value,10))?r=1e3:~~r<200&&(r=200),s.height=r):\"link\"===t.message&&(r=new URL(s.getAttribute(\"src\")),n=new URL(t.value),c.test(n.protocol))&&n.host===r.host&&l.activeElement===s&&(d.top.location.href=t.value))}},d.addEventListener(\"message\",d.wp.receiveEmbedMessage,!1),l.addEventListener(\"DOMContentLoaded\",function(){for(var e,t,s=l.querySelectorAll(\"iframe.wp-embedded-content\"),r=0;r<s.length;r++)(t=(e=s[r]).getAttribute(\"data-secret\"))||(t=Math.random().toString(36).substring(2,12),e.src+=\"#?secret=\"+t,e.setAttribute(\"data-secret\",t)),e.contentWindow.postMessage({message:\"ready\",secret:t},\"*\")},!1)))}(window,document);\n\/\/# sourceURL=https:\/\/zonafrancasantiago.com\/wp-includes\/js\/wp-embed.min.js\n\/* ]]> *\/\n<\/script>\n","thumbnail_url":"https:\/\/zonafrancasantiago.com\/wp-content\/uploads\/2019\/12\/CAF_8985-scaled.jpg","thumbnail_width":2560,"thumbnail_height":1711,"description":"M\u00e1s de cinco mil plantas fueron sembradas por 250 colaboradores durante la Jornada de Reforestaci\u00f3n 2019 de la Corporaci\u00f3n Zona Franca Santiago, realizada en la comunidad El Mamey de San Jos\u00e9 de las Matas. La actividad forma parte del programa de Sostenibilidad Ambiental de la instituci\u00f3n, abanderado del lema \u201cTodos Podemos Contribuir\u201d, que permite a [&hellip;]"}